{"id":177,"date":"2020-02-21T08:15:40","date_gmt":"2020-02-21T07:15:40","guid":{"rendered":"https:\/\/viaferrata-souterrata.fr\/?page_id=177"},"modified":"2022-04-04T11:31:23","modified_gmt":"2022-04-04T09:31:23","slug":"tarifs","status":"publish","type":"page","link":"https:\/\/viaferrata-souterrata.fr\/index.php\/tarifs\/","title":{"rendered":"TARIFS"},"content":{"rendered":"<p><img loading=\"lazy\" class=\"hoverZoomLink\" src=\"https:\/\/viaferrata-souterrata.fr\/wp-content\/uploads\/2020\/06\/SECURITE-4-1024x213.jpg\" sizes=\"(max-width: 1024px) 100vw, 1024px\" srcset=\"https:\/\/viaferrata-souterrata.fr\/wp-content\/uploads\/2020\/06\/SECURITE-4-1024x213.jpg 1024w, https:\/\/viaferrata-souterrata.fr\/wp-content\/uploads\/2020\/06\/SECURITE-4-300x63.jpg 300w, https:\/\/viaferrata-souterrata.fr\/wp-content\/uploads\/2020\/06\/SECURITE-4-768x160.jpg 768w, https:\/\/viaferrata-souterrata.fr\/wp-content\/uploads\/2020\/06\/SECURITE-4.jpg 1200w\" alt=\"\" width=\"1024\" height=\"213\" \/><\/p>\n<p>500 m\u00e8tres de viaferrata et souterrata,<\/p>\n<p>une exp\u00e9rience exceptionnelle,<\/p>\n<p>et unique au monde !<\/p>\n<p>L&#8217;activit\u00e9 est ouverte \u00e0 partir 1m30 minimum, poids maximum 120 kg maximum<\/p>\n<p><img loading=\"lazy\" src=\"https:\/\/viaferrata-souterrata.fr\/wp-content\/uploads\/2021\/03\/via-ferrata-25-euros.png\" sizes=\"(max-width: 402px) 100vw, 402px\" srcset=\"https:\/\/viaferrata-souterrata.fr\/wp-content\/uploads\/2021\/03\/via-ferrata-25-euros.png 402w, https:\/\/viaferrata-souterrata.fr\/wp-content\/uploads\/2021\/03\/via-ferrata-25-euros-300x300.png 300w, https:\/\/viaferrata-souterrata.fr\/wp-content\/uploads\/2021\/03\/via-ferrata-25-euros-150x150.png 150w\" alt=\"\" width=\"402\" height=\"402\" \/><br \/>\n<img loading=\"lazy\" src=\"https:\/\/viaferrata-souterrata.fr\/wp-content\/uploads\/2021\/03\/via-ferrata-23-euros.png\" sizes=\"(max-width: 400px) 100vw, 400px\" srcset=\"https:\/\/viaferrata-souterrata.fr\/wp-content\/uploads\/2021\/03\/via-ferrata-23-euros.png 400w, https:\/\/viaferrata-souterrata.fr\/wp-content\/uploads\/2021\/03\/via-ferrata-23-euros-300x300.png 300w, https:\/\/viaferrata-souterrata.fr\/wp-content\/uploads\/2021\/03\/via-ferrata-23-euros-150x150.png 150w\" alt=\"\" width=\"400\" height=\"400\" \/><br \/>\n<img loading=\"lazy\" src=\"https:\/\/viaferrata-souterrata.fr\/wp-content\/uploads\/2021\/03\/20-euros.png\" sizes=\"(max-width: 400px) 100vw, 400px\" srcset=\"https:\/\/viaferrata-souterrata.fr\/wp-content\/uploads\/2021\/03\/20-euros.png 400w, https:\/\/viaferrata-souterrata.fr\/wp-content\/uploads\/2021\/03\/20-euros-300x300.png 300w, https:\/\/viaferrata-souterrata.fr\/wp-content\/uploads\/2021\/03\/20-euros-150x150.png 150w\" alt=\"\" width=\"400\" height=\"400\" \/><br \/>\n<img loading=\"lazy\" src=\"https:\/\/viaferrata-souterrata.fr\/wp-content\/uploads\/2020\/03\/via-ferrata-souterrata-2_0056.jpg\" sizes=\"(max-width: 997px) 100vw, 997px\" srcset=\"https:\/\/viaferrata-souterrata.fr\/wp-content\/uploads\/2020\/03\/via-ferrata-souterrata-2_0056.jpg 997w, https:\/\/viaferrata-souterrata.fr\/wp-content\/uploads\/2020\/03\/via-ferrata-souterrata-2_0056-300x138.jpg 300w, https:\/\/viaferrata-souterrata.fr\/wp-content\/uploads\/2020\/03\/via-ferrata-souterrata-2_0056-768x354.jpg 768w\" alt=\"\" width=\"997\" height=\"459\" \/><\/p>\n<p>Votre s\u00e9curit\u00e9 d\u00e9pend du respect absolu des consignes qui vous seront communiqu\u00e9es avant le d\u00e9part.<\/p>\n<p>TARIF<\/p>\n<p style=\"margin-bottom: 0.21cm;\"><u>EQUIPEMENT<\/u><\/p>\n<p style=\"margin-bottom: 0.21cm;\">Harnais avec mono- longes et crochet sp\u00e9cial LVC, poulie, casque\u00a0 avec lampe frontale.<\/p>\n<p style=\"margin-bottom: 0.21cm;\">Votre s\u00e9curit\u00e9 d\u00e9pend du respect absolu des consignes qui vous seront communiqu\u00e9es avant le d\u00e9part.<\/p>\n<p><img loading=\"lazy\" class=\"hoverZoomLink\" src=\"https:\/\/viaferrata-souterrata.fr\/wp-content\/uploads\/2020\/05\/viaferratasouterrata18-1024x472.jpg\" sizes=\"(max-width: 1024px) 100vw, 1024px\" srcset=\"https:\/\/viaferrata-souterrata.fr\/wp-content\/uploads\/2020\/05\/viaferratasouterrata18-1024x472.jpg 1024w, https:\/\/viaferrata-souterrata.fr\/wp-content\/uploads\/2020\/05\/viaferratasouterrata18-300x138.jpg 300w, https:\/\/viaferrata-souterrata.fr\/wp-content\/uploads\/2020\/05\/viaferratasouterrata18-768x354.jpg 768w, https:\/\/viaferrata-souterrata.fr\/wp-content\/uploads\/2020\/05\/viaferratasouterrata18-1536x708.jpg 1536w, https:\/\/viaferrata-souterrata.fr\/wp-content\/uploads\/2020\/05\/viaferratasouterrata18.jpg 1632w\" alt=\"\" width=\"1024\" height=\"472\" \/><\/p>\n<p style=\"margin-bottom: 0.21cm;\"><u>DESCRIPTIF<\/u><\/p>\n<p style=\"margin-bottom: 0.21cm;\">\u00a0500 m\u00e8tres de ligne de vie continue et<\/p>\n<p style=\"margin-bottom: 0.21cm;\">1 Saut pendulaire et<\/p>\n<p style=\"margin-bottom: 0.21cm;\">5 Ponts et<\/p>\n<p style=\"margin-bottom: 0.21cm;\">6 Tyroliennes et<\/p>\n<p style=\"margin-bottom: 0.21cm;\">1 parcours souterrain facultatif<\/p>\n<p style=\"margin-bottom: 0.21cm;\">Ouvert toute l&#8217;ann\u00e9e et sur r\u00e9servation.<\/p>\n<figure class=\"gallery-item\"><a class=\"hoverZoomLink\" href=\"https:\/\/viaferrata-souterrata.fr\/wp-content\/uploads\/2020\/05\/viaferratasouterrata13.jpg\" data-elementor-open-lightbox=\"yes\" data-elementor-lightbox-slideshow=\"64fde04\" data-elementor-lightbox-title=\"viaferratasouterrata13\"><img loading=\"lazy\" class=\"hoverZoomLink\" src=\"https:\/\/viaferrata-souterrata.fr\/wp-content\/uploads\/2020\/05\/viaferratasouterrata13-768x354.jpg\" sizes=\"(max-width: 768px) 100vw, 768px\" srcset=\"https:\/\/viaferrata-souterrata.fr\/wp-content\/uploads\/2020\/05\/viaferratasouterrata13-768x354.jpg 768w, https:\/\/viaferrata-souterrata.fr\/wp-content\/uploads\/2020\/05\/viaferratasouterrata13-300x138.jpg 300w, https:\/\/viaferrata-souterrata.fr\/wp-content\/uploads\/2020\/05\/viaferratasouterrata13-1024x472.jpg 1024w, https:\/\/viaferrata-souterrata.fr\/wp-content\/uploads\/2020\/05\/viaferratasouterrata13-1536x708.jpg 1536w, https:\/\/viaferrata-souterrata.fr\/wp-content\/uploads\/2020\/05\/viaferratasouterrata13.jpg 1632w\" alt=\"\" width=\"768\" height=\"354\" \/><\/a><\/figure>\n<figure class=\"gallery-item\"><a class=\"hoverZoomLink\" href=\"https:\/\/viaferrata-souterrata.fr\/wp-content\/uploads\/2020\/05\/viaferratasouterrata4.jpg\" data-elementor-open-lightbox=\"yes\" data-elementor-lightbox-slideshow=\"64fde04\" data-elementor-lightbox-title=\"viaferratasouterrata4\"><img loading=\"lazy\" class=\"hoverZoomLink\" src=\"https:\/\/viaferrata-souterrata.fr\/wp-content\/uploads\/2020\/05\/viaferratasouterrata4-768x354.jpg\" sizes=\"(max-width: 768px) 100vw, 768px\" srcset=\"https:\/\/viaferrata-souterrata.fr\/wp-content\/uploads\/2020\/05\/viaferratasouterrata4-768x354.jpg 768w, https:\/\/viaferrata-souterrata.fr\/wp-content\/uploads\/2020\/05\/viaferratasouterrata4-300x138.jpg 300w, https:\/\/viaferrata-souterrata.fr\/wp-content\/uploads\/2020\/05\/viaferratasouterrata4-1024x472.jpg 1024w, https:\/\/viaferrata-souterrata.fr\/wp-content\/uploads\/2020\/05\/viaferratasouterrata4-1536x708.jpg 1536w, https:\/\/viaferrata-souterrata.fr\/wp-content\/uploads\/2020\/05\/viaferratasouterrata4.jpg 1632w\" alt=\"\" width=\"768\" height=\"354\" \/><\/a><\/figure>\n<figure class=\"gallery-item\"><a class=\"hoverZoomLink\" href=\"https:\/\/viaferrata-souterrata.fr\/wp-content\/uploads\/2020\/05\/viaferratasouterrata5.jpg\" data-elementor-open-lightbox=\"yes\" data-elementor-lightbox-slideshow=\"64fde04\" data-elementor-lightbox-title=\"viaferratasouterrata5\"><img loading=\"lazy\" class=\"hoverZoomLink\" src=\"https:\/\/viaferrata-souterrata.fr\/wp-content\/uploads\/2020\/05\/viaferratasouterrata5-768x354.jpg\" sizes=\"(max-width: 768px) 100vw, 768px\" srcset=\"https:\/\/viaferrata-souterrata.fr\/wp-content\/uploads\/2020\/05\/viaferratasouterrata5-768x354.jpg 768w, https:\/\/viaferrata-souterrata.fr\/wp-content\/uploads\/2020\/05\/viaferratasouterrata5-300x138.jpg 300w, https:\/\/viaferrata-souterrata.fr\/wp-content\/uploads\/2020\/05\/viaferratasouterrata5-1024x472.jpg 1024w, https:\/\/viaferrata-souterrata.fr\/wp-content\/uploads\/2020\/05\/viaferratasouterrata5-1536x709.jpg 1536w, https:\/\/viaferrata-souterrata.fr\/wp-content\/uploads\/2020\/05\/viaferratasouterrata5.jpg 2016w\" alt=\"\" width=\"768\" height=\"354\" \/><\/a><\/figure>\n<figure class=\"gallery-item\"><a class=\"hoverZoomLink\" href=\"https:\/\/viaferrata-souterrata.fr\/wp-content\/uploads\/2020\/05\/viaferratasouterrata6.jpg\" data-elementor-open-lightbox=\"yes\" data-elementor-lightbox-slideshow=\"64fde04\" data-elementor-lightbox-title=\"viaferratasouterrata6\"><img loading=\"lazy\" class=\"hoverZoomLink\" src=\"https:\/\/viaferrata-souterrata.fr\/wp-content\/uploads\/2020\/05\/viaferratasouterrata6-768x354.jpg\" sizes=\"(max-width: 768px) 100vw, 768px\" srcset=\"https:\/\/viaferrata-souterrata.fr\/wp-content\/uploads\/2020\/05\/viaferratasouterrata6-768x354.jpg 768w, https:\/\/viaferrata-souterrata.fr\/wp-content\/uploads\/2020\/05\/viaferratasouterrata6-300x138.jpg 300w, https:\/\/viaferrata-souterrata.fr\/wp-content\/uploads\/2020\/05\/viaferratasouterrata6-1024x472.jpg 1024w, https:\/\/viaferrata-souterrata.fr\/wp-content\/uploads\/2020\/05\/viaferratasouterrata6-1536x709.jpg 1536w, https:\/\/viaferrata-souterrata.fr\/wp-content\/uploads\/2020\/05\/viaferratasouterrata6.jpg 2016w\" alt=\"\" width=\"768\" height=\"354\" \/><\/a><\/figure>\n<figure class=\"gallery-item\"><a class=\"hoverZoomLink\" href=\"https:\/\/viaferrata-souterrata.fr\/wp-content\/uploads\/2020\/05\/viaferratasouterrata7.jpg\" data-elementor-open-lightbox=\"yes\" data-elementor-lightbox-slideshow=\"64fde04\" data-elementor-lightbox-title=\"viaferratasouterrata7\"><img loading=\"lazy\" class=\"hoverZoomLink\" src=\"https:\/\/viaferrata-souterrata.fr\/wp-content\/uploads\/2020\/05\/viaferratasouterrata7-768x354.jpg\" sizes=\"(max-width: 768px) 100vw, 768px\" srcset=\"https:\/\/viaferrata-souterrata.fr\/wp-content\/uploads\/2020\/05\/viaferratasouterrata7-768x354.jpg 768w, https:\/\/viaferrata-souterrata.fr\/wp-content\/uploads\/2020\/05\/viaferratasouterrata7-300x138.jpg 300w, https:\/\/viaferrata-souterrata.fr\/wp-content\/uploads\/2020\/05\/viaferratasouterrata7-1024x472.jpg 1024w, https:\/\/viaferrata-souterrata.fr\/wp-content\/uploads\/2020\/05\/viaferratasouterrata7-1536x708.jpg 1536w, https:\/\/viaferrata-souterrata.fr\/wp-content\/uploads\/2020\/05\/viaferratasouterrata7.jpg 1632w\" alt=\"\" width=\"768\" height=\"354\" \/><\/a><\/figure>\n<figure class=\"gallery-item\"><a class=\"hoverZoomLink\" href=\"https:\/\/viaferrata-souterrata.fr\/wp-content\/uploads\/2020\/05\/viaferratasouterrata8.jpg\" data-elementor-open-lightbox=\"yes\" data-elementor-lightbox-slideshow=\"64fde04\" data-elementor-lightbox-title=\"viaferratasouterrata8\"><img loading=\"lazy\" class=\"hoverZoomLink\" src=\"https:\/\/viaferrata-souterrata.fr\/wp-content\/uploads\/2020\/05\/viaferratasouterrata8-768x354.jpg\" sizes=\"(max-width: 768px) 100vw, 768px\" srcset=\"https:\/\/viaferrata-souterrata.fr\/wp-content\/uploads\/2020\/05\/viaferratasouterrata8-768x354.jpg 768w, https:\/\/viaferrata-souterrata.fr\/wp-content\/uploads\/2020\/05\/viaferratasouterrata8-300x138.jpg 300w, https:\/\/viaferrata-souterrata.fr\/wp-content\/uploads\/2020\/05\/viaferratasouterrata8-1024x472.jpg 1024w, https:\/\/viaferrata-souterrata.fr\/wp-content\/uploads\/2020\/05\/viaferratasouterrata8-1536x708.jpg 1536w, https:\/\/viaferrata-souterrata.fr\/wp-content\/uploads\/2020\/05\/viaferratasouterrata8.jpg 1632w\" alt=\"\" width=\"768\" height=\"354\" \/><\/a><\/figure>\n<figure class=\"gallery-item\"><a class=\"hoverZoomLink\" href=\"https:\/\/viaferrata-souterrata.fr\/wp-content\/uploads\/2020\/05\/viaferratasouterrata18.jpg\" data-elementor-open-lightbox=\"yes\" data-elementor-lightbox-slideshow=\"64fde04\" data-elementor-lightbox-title=\"viaferratasouterrata18\"><img loading=\"lazy\" class=\"hoverZoomLink\" src=\"https:\/\/viaferrata-souterrata.fr\/wp-content\/uploads\/2020\/05\/viaferratasouterrata18-768x354.jpg\" sizes=\"(max-width: 768px) 100vw, 768px\" srcset=\"https:\/\/viaferrata-souterrata.fr\/wp-content\/uploads\/2020\/05\/viaferratasouterrata18-768x354.jpg 768w, https:\/\/viaferrata-souterrata.fr\/wp-content\/uploads\/2020\/05\/viaferratasouterrata18-300x138.jpg 300w, https:\/\/viaferrata-souterrata.fr\/wp-content\/uploads\/2020\/05\/viaferratasouterrata18-1024x472.jpg 1024w, https:\/\/viaferrata-souterrata.fr\/wp-content\/uploads\/2020\/05\/viaferratasouterrata18-1536x708.jpg 1536w, https:\/\/viaferrata-souterrata.fr\/wp-content\/uploads\/2020\/05\/viaferratasouterrata18.jpg 1632w\" alt=\"\" width=\"768\" height=\"354\" \/><\/a><\/figure>\n<figure class=\"gallery-item\"><a class=\"hoverZoomLink\" href=\"https:\/\/viaferrata-souterrata.fr\/wp-content\/uploads\/2020\/05\/viaferratasouterrata11.jpg\" data-elementor-open-lightbox=\"yes\" data-elementor-lightbox-slideshow=\"64fde04\" data-elementor-lightbox-title=\"viaferratasouterrata11\"><img loading=\"lazy\" class=\"hoverZoomLink\" src=\"https:\/\/viaferrata-souterrata.fr\/wp-content\/uploads\/2020\/05\/viaferratasouterrata11-768x354.jpg\" sizes=\"(max-width: 768px) 100vw, 768px\" srcset=\"https:\/\/viaferrata-souterrata.fr\/wp-content\/uploads\/2020\/05\/viaferratasouterrata11-768x354.jpg 768w, https:\/\/viaferrata-souterrata.fr\/wp-content\/uploads\/2020\/05\/viaferratasouterrata11-300x138.jpg 300w, https:\/\/viaferrata-souterrata.fr\/wp-content\/uploads\/2020\/05\/viaferratasouterrata11-1024x472.jpg 1024w, https:\/\/viaferrata-souterrata.fr\/wp-content\/uploads\/2020\/05\/viaferratasouterrata11-1536x708.jpg 1536w, https:\/\/viaferrata-souterrata.fr\/wp-content\/uploads\/2020\/05\/viaferratasouterrata11.jpg 1632w\" alt=\"\" width=\"768\" height=\"354\" \/><\/a><\/figure>\n","protected":false},"excerpt":{"rendered":"<p>500 m\u00e8tres de viaferrata et souterrata, une exp\u00e9rience exceptionnelle, et unique au monde ! L&#8217;activit\u00e9 est ouverte \u00e0 partir 1m30 minimum, poids maximum 120 kg maximum Votre s\u00e9curit\u00e9 d\u00e9pend du respect absolu des consignes qui vous seront communiqu\u00e9es avant le d\u00e9part. TARIF EQUIPEMENT Harnais avec mono- longes et crochet sp\u00e9cial LVC, poulie, casque\u00a0 avec lampe [&hellip;]<\/p>\n","protected":false},"author":1,"featured_media":0,"parent":0,"menu_order":0,"comment_status":"closed","ping_status":"closed","template":"","meta":[],"yoast_head":"<!-- This site is optimized with the Yoast SEO plugin v14.4.1 - https:\/\/yoast.com\/wordpress\/plugins\/seo\/ -->\n<title>TARIFS - viaferrata-souterrata<\/title>\n<meta name=\"description\" content=\"Parcours Via ferrata souterrata, a\u00e9rien et souterrain \u00e0 Villefranche de Conflent dans les Pyren\u00e9es Orintales. Tarifs adapt\u00e9s, groupes, familles d\u00e9s 20\u20ac.\" \/>\n<meta name=\"robots\" content=\"index, follow\" \/>\n<meta name=\"googlebot\" content=\"index, follow, max-snippet:-1, max-image-preview:large, max-video-preview:-1\" \/>\n<meta name=\"bingbot\" content=\"index, follow, max-snippet:-1, max-image-preview:large, max-video-preview:-1\" \/>\n<link rel=\"canonical\" href=\"https:\/\/viaferrata-souterrata.fr\/index.php\/tarifs\/\" \/>\n<meta property=\"og:locale\" content=\"fr_FR\" \/>\n<meta property=\"og:type\" content=\"article\" \/>\n<meta property=\"og:title\" content=\"TARIFS - viaferrata-souterrata\" \/>\n<meta property=\"og:description\" content=\"Parcours Via ferrata souterrata, a\u00e9rien et souterrain \u00e0 Villefranche de Conflent dans les Pyren\u00e9es Orintales. Tarifs adapt\u00e9s, groupes, familles d\u00e9s 20\u20ac.\" \/>\n<meta property=\"og:url\" content=\"https:\/\/viaferrata-souterrata.fr\/index.php\/tarifs\/\" \/>\n<meta property=\"og:site_name\" content=\"viaferrata-souterrata\" \/>\n<meta property=\"article:modified_time\" content=\"2022-04-04T09:31:23+00:00\" \/>\n<meta property=\"og:image\" content=\"https:\/\/viaferrata-souterrata.fr\/wp-content\/uploads\/2020\/06\/SECURITE-4-1024x213.jpg\" \/>\n<meta name=\"twitter:card\" content=\"summary_large_image\" \/>\n<script type=\"application\/ld+json\" class=\"yoast-schema-graph\">{\"@context\":\"https:\/\/schema.org\",\"@graph\":[{\"@type\":\"WebSite\",\"@id\":\"https:\/\/viaferrata-souterrata.fr\/#website\",\"url\":\"https:\/\/viaferrata-souterrata.fr\/\",\"name\":\"viaferrata-souterrata\",\"description\":\"vivez un moment exceptionnel en pleine nature\",\"potentialAction\":[{\"@type\":\"SearchAction\",\"target\":\"https:\/\/viaferrata-souterrata.fr\/?s={search_term_string}\",\"query-input\":\"required name=search_term_string\"}],\"inLanguage\":\"fr-FR\"},{\"@type\":\"ImageObject\",\"@id\":\"https:\/\/viaferrata-souterrata.fr\/index.php\/tarifs\/#primaryimage\",\"inLanguage\":\"fr-FR\",\"url\":\"https:\/\/viaferrata-souterrata.fr\/wp-content\/uploads\/2020\/06\/SECURITE-4.jpg\",\"width\":1200,\"height\":250},{\"@type\":\"WebPage\",\"@id\":\"https:\/\/viaferrata-souterrata.fr\/index.php\/tarifs\/#webpage\",\"url\":\"https:\/\/viaferrata-souterrata.fr\/index.php\/tarifs\/\",\"name\":\"TARIFS - viaferrata-souterrata\",\"isPartOf\":{\"@id\":\"https:\/\/viaferrata-souterrata.fr\/#website\"},\"primaryImageOfPage\":{\"@id\":\"https:\/\/viaferrata-souterrata.fr\/index.php\/tarifs\/#primaryimage\"},\"datePublished\":\"2020-02-21T07:15:40+00:00\",\"dateModified\":\"2022-04-04T09:31:23+00:00\",\"description\":\"Parcours Via ferrata souterrata, a\\u00e9rien et souterrain \\u00e0 Villefranche de Conflent dans les Pyren\\u00e9es Orintales. Tarifs adapt\\u00e9s, groupes, familles d\\u00e9s 20\\u20ac.\",\"inLanguage\":\"fr-FR\",\"potentialAction\":[{\"@type\":\"ReadAction\",\"target\":[\"https:\/\/viaferrata-souterrata.fr\/index.php\/tarifs\/\"]}]}]}<\/script>\n<!-- \/ Yoast SEO plugin. -->","_links":{"self":[{"href":"https:\/\/viaferrata-souterrata.fr\/index.php\/wp-json\/wp\/v2\/pages\/177"}],"collection":[{"href":"https:\/\/viaferrata-souterrata.fr\/index.php\/wp-json\/wp\/v2\/pages"}],"about":[{"href":"https:\/\/viaferrata-souterrata.fr\/index.php\/wp-json\/wp\/v2\/types\/page"}],"author":[{"embeddable":true,"href":"https:\/\/viaferrata-souterrata.fr\/index.php\/wp-json\/wp\/v2\/users\/1"}],"replies":[{"embeddable":true,"href":"https:\/\/viaferrata-souterrata.fr\/index.php\/wp-json\/wp\/v2\/comments?post=177"}],"version-history":[{"count":60,"href":"https:\/\/viaferrata-souterrata.fr\/index.php\/wp-json\/wp\/v2\/pages\/177\/revisions"}],"predecessor-version":[{"id":826,"href":"https:\/\/viaferrata-souterrata.fr\/index.php\/wp-json\/wp\/v2\/pages\/177\/revisions\/826"}],"wp:attachment":[{"href":"https:\/\/viaferrata-souterrata.fr\/index.php\/wp-json\/wp\/v2\/media?parent=177"}],"curies":[{"name":"wp","href":"https:\/\/api.w.org\/{rel}","templated":true}]}}